{"id":25,"date":"2015-03-18T09:38:18","date_gmt":"2015-03-18T08:38:18","guid":{"rendered":"http:\/\/www.vovinam.cat\/?page_id=25"},"modified":"2015-03-18T09:49:01","modified_gmt":"2015-03-18T08:49:01","slug":"avis-legal","status":"publish","type":"page","link":"http:\/\/www.vovinam.cat\/?page_id=25","title":{"rendered":"Av\u00eds Legal"},"content":{"rendered":"<p style=\"text-align: justify;\">En compliment del que estableix la Llei 34\/2002, de Serveis de la Societat de la Informaci\u00f3 i Comer\u00e7 Electr\u00f2nic, l&#8217;informem que aquesta web \u00e9s propietat de <strong>ASSOCIACI\u00d3 CATALANA DE VOVINAM\u00a0VIETVODAO<\/strong>, associaci\u00f3 sense \u00e0nim de lucre de nacionalitat espanyola, CIF. G-61376851, domicili fiscal al carrer <em>-ADRE\u00c7A-<\/em>, Sabadell, Barcelona, Espanya. Inscrita en el Registre Nacional d&#8217;Associacions, \u00e9s la titular del web site www.vovinam.cat<br \/>\nL&#8217;acc\u00e9s i \u00fas d&#8217;aquesta web atribueix a qui el realitza la condici\u00f3 d&#8217;usuari i, est\u00e0 condicionat a la pr\u00e8via lectura i acceptaci\u00f3 \u00edntegra, expressa i sense reserves de les presents condicions generals d&#8217;\u00fas vigents en el moment de l&#8217;acc\u00e9s, que preguem llegeixi detingudament .<br \/>\nMitjan\u00e7ant la nostra web oferim diversa informaci\u00f3 sobre les activitats que desenvolupa l&#8217;<strong>ASSOCIACI\u00d3 CATALANA DE VOVINAM\u00a0VIET VO DAO<\/strong>.<\/p>\n<h4 style=\"text-align: justify;\"><strong>\u00das de la web<\/strong><\/h4>\n<p style=\"text-align: justify;\">L&#8217;acc\u00e9s i \u00fas d&#8217;aquesta web atribueix la condici\u00f3 d&#8217;usuari, i implica l&#8217;acceptaci\u00f3 plena de totes i cadascuna de les disposicions incloses en aquest Av\u00eds Legal en la versi\u00f3 publicada per\u00a0<strong>ASSOCIACI\u00d3 CATALANA DE VOVINAM\u00a0VIET VO DAO<\/strong>\u00a0en el mateix moment en qu\u00e8 l&#8217;usuari accedeix als serveis oferits. En conseq\u00fc\u00e8ncia, l&#8217;usuari ha de llegir en cadascuna de les ocasions en qu\u00e8 es proposi utilitzar la Web, ja que aquell pot patir modificacions.<\/p>\n<h4 style=\"text-align: justify;\">Drets d&#8217;autor<\/h4>\n<p style=\"text-align: justify;\">Tots els continguts, textos i imatges presents en aquesta web s\u00f3n propietat de\u00a0<strong>ASSOCIACI\u00d3 CATALANA DE VOVINAM\u00a0VIET VO DAO<\/strong>\u00a0i s\u00f3n\u00a0protegits pels drets de propietat intel\u00b7lectual. Queda prohibida la seva reproducci\u00f3, distribuci\u00f3, transformaci\u00f3, total o parcial, sense l&#8217;autoritzaci\u00f3 expressa de\u00a0<strong>ASSOCIACI\u00d3 CATALANA DE VOVINAM\u00a0VIET VO DAO<\/strong>\u00a0.<br \/>\nL&#8217;usuari \u00fanicament t\u00e9 dret a \u00fas privat dels mateixos, necessitant autoritzaci\u00f3 expressa de\u00a0<strong>ASSOCIACI\u00d3 CATALANA DE VOVINAM\u00a0VIET VO DAO<\/strong>\u00a0\u00a0per modificar-los, reproduir-los, explotar-los, distribuir-los o qualsevol altre dret pertanyent al seu titular.<br \/>\nPer al cas que consideri que s&#8217;est\u00e0 vulnerant en aquesta web qualsevol normativa referent als drets de propietat intel\u00b7lectual o altres drets, preguem ens ho comuniquin per tal de restablir l&#8217;ordre pertorbat, si \u00e9s que s&#8217;hagu\u00e9s produ\u00eft.<\/p>\n<h4 style=\"text-align: justify;\">Contingut del web<\/h4>\n<p style=\"text-align: justify;\">Els continguts d&#8217;aquesta web tenen com a finalitat informar i donar a con\u00e8ixer els productes i serveis prestats per\u00a0<strong>ASSOCIACI\u00d3 CATALANA DE VOVINAM\u00a0VIET VO DAO<\/strong>\u00a0. Queda prohibit l&#8217;\u00fas de continguts de la web per promocionar, contractar o divulgar publicitat o informaci\u00f3 pr\u00f2pia o de terceres persones sense l&#8217;autoritzaci\u00f3 de\u00a0<strong>ASSOCIACI\u00d3 CATALANA DE VOVINAM\u00a0VIET VO DAO<\/strong>\u00a0, ni remetre publicitat o informaci\u00f3 valent-se per a aix\u00f2 d&#8217;informaci\u00f3 que es posa a disposici\u00f3 dels usuaris a trav\u00e9s d&#8217;aquesta web.<\/p>\n<h4 style=\"text-align: justify;\">Condicions d&#8217;acc\u00e9s<\/h4>\n<p style=\"text-align: justify;\">L&#8217;acc\u00e9s a la nostra web \u00e9s gratu\u00eft i no exigeix \u200b\u200bpr\u00e8via subscripci\u00f3 o registre. L&#8217;usuari haur\u00e0 d&#8217;accedir a la web conforme a la bona fe ia les presents condicions generals d&#8217;\u00fas i, realitzar\u00e0 l&#8217;acc\u00e9s sota la seva pr\u00f2pia i exclusiva responsabilitat.<\/p>\n<p style=\"text-align: justify;\">L&#8217;usuari t\u00e9 expressament prohibit la utilitzaci\u00f3 i obtenci\u00f3 dels serveis continguts oferts en la present Web per procediments diferents als estipulats en les condicions d&#8217;\u00fas.<\/p>\n<h4 style=\"text-align: justify;\">Protecci\u00f3 de dades personals<\/h4>\n<p style=\"text-align: justify;\"><strong>ASSOCIACI\u00d3 CATALANA DE VOVINAM\u00a0VIET VO DAO<\/strong>, informa que per fer \u00fas dels serveis que ofereix a trav\u00e9s de la present web, aix\u00ed com, cal que ens faciliti determinades dades de car\u00e0cter personal, que en compliment de la Llei Org\u00e0nica 15\/1999, de Protecci\u00f3 de Dades seran objecte de tractament automatitzat i incorporats als nostres fitxers, amb l&#8217;exclusiva finalitat de proporcionar-li els serveis i productes sol\u00b7licitats. Els Fitxers sota la nostra responsabilitat consten degudament inscrits en el Registre General de Protecci\u00f3 de Dades.<br \/>\nConsentiment i autoritzaci\u00f3 al tractament automatitzat de les seves dades personals<\/p>\n<p style=\"text-align: justify;\"><strong>ASSOCIACI\u00d3 CATALANA DE VOVINAM\u00a0VIET VO DAO<\/strong>\u00a0com a responsable dels fitxers, li informa que en el moment que ens facilita les seves dades de car\u00e0cter personal a trav\u00e9s del formulari que cont\u00e9 aquesta web o mitjan\u00e7ant correu electr\u00f2nic, vost\u00e8 est\u00e0 atorgant la seva autoritzaci\u00f3 i consentiment expr\u00e9s per a la incorporaci\u00f3 i tractament de les seves dades en els nostres fitxers, si b\u00e9 amb car\u00e0cter revocable i sense efectes retroactius, acceptant aquesta pol\u00edtica de privacitat respecte a les dades subministrades, que en tot moment seran tractades confidencialment, observant totes les exig\u00e8ncies legals recollides en la Llei Org\u00e0nica de Protecci\u00f3 de Dades i altra legislaci\u00f3 aplicable. La present pol\u00edtica de privacitat es regeix per la normativa exclusivament aplicable a Espanya, quedant sotmesa a ella tot usuari que utilitzi aquesta web, tant nacionals com estrangers.<\/p>\n<h4 style=\"text-align: justify;\">Dades sol\u00b7licitades i finalitat<\/h4>\n<p style=\"text-align: justify;\"><strong>ASSOCIACI\u00d3 CATALANA DE VOVINAM\u00a0VIET VO DAO<\/strong>\u00a0informa que en cap cas l&#8217;usuari est\u00e0 obligat a facilitar les seves dades personals i, que aquests s\u00f3n els adequats, pertinents i estrictament necess\u00e0ries per al compliment de les finalitats per les quals es recullen, no obstant aix\u00f2 s\u00f3n imprescindibles per proporcionar-li els productes i serveis oferts.<br \/>\nLa recollida i tractament automatitzat de les dades personals per\u00a0<strong>ASSOCIACI\u00d3 CATALANA DE VOVINAM\u00a0VIET VO DAO<\/strong>\u00a0\u00a0a trav\u00e9s de la present web t\u00e9 com a finalitat la gesti\u00f3, administraci\u00f3, prestaci\u00f3, ampliaci\u00f3 i, millora dels serveis oferts per\u00a0<strong>ASSOCIACI\u00d3 CATALANA DE VOVINAM\u00a0VIET VO DAO<\/strong>, en concret oferir un correcte tractament de les seves dades, facilitant l&#8217;usuari totes les dades personals necess\u00e0ries per a la seva adequada i completa identificaci\u00f3, tractament de dades que \u00e9s estrictament intern i, t\u00e9 com a finalitat garantir una atenci\u00f3 integral a l&#8217;usuari, aix\u00ed com oferir informaci\u00f3 sobre els serveis prestats i, per a la recollida i proc\u00e9s d&#8217;informaci\u00f3 de les dades dels usuaris en el desenvolupament de l&#8217;activitat i, l&#8217;enviament d&#8217;ofertes comercials en el futur sobre serveis que poden resultar d&#8217;inter\u00e8s als nostres clients, l&#8217;enviament tant per mitjans tradicionals com electr\u00f2nics d&#8217;informaci\u00f3 comercial sobre els serveis oferts per\u00a0<strong>ASSOCIACI\u00d3 CATALANA DE VOVINAM\u00a0VIET VO DAO<\/strong>\u00a0\/ o per terceres empreses col\u00b7laboradores, tramesa peri\u00f2dica d&#8217;avisos o enviament d&#8217;informaci\u00f3 expressament sol\u00b7licitada per l&#8217;usuari. Aplicant als Fitxers, totes les mesures de seguretat previstes en el Reial Decret 994\/1999, de 11 de Juny, i altres normatives en mat\u00e8ria de protecci\u00f3 de dades de car\u00e0cter personal, com a garantia en la confidencialitat del tractament.<br \/>\n<strong>ASSOCIACI\u00d3 CATALANA DE VOVINAM\u00a0VIET VO DAO<\/strong>\u00a0\u00a0reserva el dret de decidir incorporar o no, les seves dades personals als seus fitxers.<\/p>\n<h4 style=\"text-align: justify;\">Cessi\u00f3 o comunicats de dades<\/h4>\n<p style=\"text-align: justify;\"><strong>ASSOCIACI\u00d3 CATALANA DE VOVINAM\u00a0VIET VO DAO<\/strong>\u00a0\u00a0informa que les seves dades s\u00f3n tractades confidencialment i utilitzats de forma exclusiva de manera interna i per a les finalitats indicades. Per al cas que les seves dades siguin cedides o comunicades a tercers l&#8217;usuari ser\u00e0 informat pr\u00e8viament de la cessi\u00f3 a realitzar, destinataris de la mateixa i finalitat, perqu\u00e8 atorgui la seva autoritzaci\u00f3 al respecte.<br \/>\n<strong>ASSOCIACI\u00d3 CATALANA DE VOVINAM\u00a0VIET VO DAO<\/strong>\u00a0\u00a0podr\u00e0 revelar les dades de car\u00e0cter personal de l&#8217;usuari quan li siguin requerits per l&#8217;autoritat judicial d&#8217;acord amb les normes que resultin d&#8217;aplicaci\u00f3.<br \/>\nAutoritzaci\u00f3 i cancel\u00b7laci\u00f3 de dades<\/p>\n<p style=\"text-align: justify;\">Per mantenir les seves dades personals actualitzades cal que informi sobre alguna modificaci\u00f3 en ells, en cas contrari no respondrem de la veracitat dels mateixos. Aix\u00ed mateix l&#8217;usuari manifesta que totes les dades que ens facilita s\u00f3n certes i vigents per a la finalitat per la qual se li demana i que s\u00f3n facilitats per si mateix. Entendrem que si no cancel\u00b7la les seves dades personals expressament dels nostres fitxers continua interessat a seguir incorporat als mateixos, sent sempre tractats de manera adequada i per a la finalitat per a la qual es van obtenir.<br \/>\nDrets d&#8217;acc\u00e9s, rectificaci\u00f3 i cancel\u00b7laci\u00f3 de les seves dades personals<\/p>\n<p style=\"text-align: justify;\">En tot moment l&#8217;usuari t\u00e9 dret a accedir gratu\u00eftament als nostres fitxers per a consultar les seves dades, rectificar-les si s\u00f3n err\u00f2nies o han variat i cancel\u00b7lar-los si no desitja seguir incorporat a ells. Pot comunicar el dret que desitja exercir per escrit, adjuntant fotoc\u00f2pia del seu DNI o un altre document d&#8217;identitat, a l&#8217;adre\u00e7a postal consignada al principi.<\/p>\n<h4 style=\"text-align: justify;\">Garantia de confidencialitat i seguretat dels fitxers<\/h4>\n<p style=\"text-align: justify;\"><strong>ASSOCIACI\u00d3 CATALANA DE VOVINAM\u00a0VIET VO DAO<\/strong>\u00a0es compromet al compliment de la seva obligaci\u00f3 de secret de les dades de car\u00e0cter personal i del seu deure de tractar-les amb confidencialitat i, assumeix a aquests efectes, les mesures d&#8217;\u00edndole t\u00e8cnica, organitzativa i de seguretat necess\u00e0ries per evitar la seva alteraci\u00f3, p\u00e8rdua, tractament o acc\u00e9s no autoritzat, d&#8217;acord amb el que estableix la Llei Org\u00e0nica 15\/1999, de 13 de desembre, de Protecci\u00f3 de Dades de Car\u00e0cter Personal, i altra legislaci\u00f3 aplicable.<br \/>\n<strong>ASSOCIACI\u00d3 CATALANA DE VOVINAM\u00a0VIET VO DAO<\/strong>\u00a0\u00a0es reserva el dret a modificar la seva Pol\u00edtica sobre Protecci\u00f3 de Dades en qualsevol moment per tal d&#8217;adaptar-la a novetats o canvis legislatius, jurisprudencials o dels criteris seguits per l&#8217;Ag\u00e8ncia Espanyola de Protecci\u00f3 de Dades i \/ o l&#8217;autoritat competent en cada moment, el que anunciar\u00e0 oportunament a trav\u00e9s del web.<\/p>\n<h4 style=\"text-align: justify;\">Cookies<\/h4>\n<p style=\"text-align: justify;\">La utilitzaci\u00f3 de cookies a la nostra web t\u00e9 com a \u00fanica finalitat interrelacionar les dades a trav\u00e9s dels diferents formularis de sol\u00b7licitud de dades. Les cookies s\u00f3n uns fitxers que es guarden a l&#8217;ordinador de l&#8217;usuari durant la visita a la web, per\u00f2 s\u00f3n eliminats immediatament al tancar el navegador.<\/p>\n<h4 style=\"text-align: justify;\">Responsabilitats<\/h4>\n<p style=\"text-align: justify;\">Al posar a disposici\u00f3 de l&#8217;usuari la nostra web intentem oferir continguts i serveis de qualitat, utilitzant la m\u00e0xima dilig\u00e8ncia no nom\u00e9s a la prestaci\u00f3 dels mateixos, sin\u00f3 tamb\u00e9 en els mitjans tecnol\u00f2gics utilitzats. No obstant aix\u00f2, no respondrem per la pres\u00e8ncia de virus o qualsevol altre element que d&#8217;alguna manera puguin danyar el sistema inform\u00e0tic, documents i fitxers de l&#8217;usuari.<br \/>\n<strong>ASSOCIACI\u00d3 CATALANA DE VOVINAM\u00a0VIET VO DAO<\/strong>\u00a0no garanteix el correcte funcionament respecte a la disponibilitat i continu\u00eftat de la nostra web. Com m\u00e9s aviat\u00a0possible intentarem posar en coneixement de l&#8217;usuari qualsevol interrupci\u00f3 en el servei, corregint-lo\u00a0al m\u00e9s aviat possible. No obstant aix\u00f2 quedem eximits de qualsevol responsabilitat derivada de mal\u00a0funcionament o interrupcions de la nostra web.<br \/>\nTot el referent a la nostra web es regeix exclusivament per les lleis espanyoles. Per al cas que es produeixi qualsevol tipus de discrep\u00e0ncia o difer\u00e8ncia en relaci\u00f3 amb la interpretaci\u00f3 i contingut de la present web, les parts se sotmeten amb ren\u00fancia expressa a qualsevol altre fur, als Jutjats i Tribunals del Poder\u00a0Judicial de Sabadell\u00a0.<\/p>\n<h4 style=\"text-align: justify;\">Atenci\u00f3<\/h4>\n<p style=\"text-align: justify;\">Les presents condicions generals d&#8217;\u00fas han estat establertes amb data 01 d&#8217;Abril de 2015. En qualsevol moment podem procedir a la seva modificaci\u00f3, comprovi la data d&#8217;emissi\u00f3 en cada ocasi\u00f3 en que es connecti a la nostra Web i aix\u00ed obtindr\u00e0 la certesa que no es ha produ\u00eft modificaci\u00f3 alguna que li afecti. Per a qualsevol aclariment respecte a les condicions d&#8217;\u00fas de la nostra web pot posar-se en contacte amb nosaltres al correu electr\u00f2nic <a title=\"info@vovinam.cat\" href=\"mailto:info@vovinam.cat\" target=\"_blank\">info@vovinam.cat<\/a><\/p>\n","protected":false},"excerpt":{"rendered":"<p>En compliment del que estableix la Llei 34\/2002, de Serveis de la Societat de la Informaci\u00f3 i Comer\u00e7 Electr\u00f2nic, l&#8217;informem que aquesta web \u00e9s propietat de ASSOCIACI\u00d3 CATALANA DE VOVINAM\u00a0VIETVODAO, associaci\u00f3 sense \u00e0nim de lucre de nacionalitat espanyola, CIF. G-61376851, domicili fiscal al carrer -ADRE\u00c7A-, Sabadell, Barcelona, Espanya. Inscrita en el Registre Nacional d&#8217;Associacions, \u00e9s<\/p>\n","protected":false},"author":1,"featured_media":0,"parent":0,"menu_order":0,"comment_status":"closed","ping_status":"closed","template":"","meta":{"footnotes":""},"class_list":["post-25","page","type-page","status-publish","hentry"],"_links":{"self":[{"href":"http:\/\/www.vovinam.cat\/index.php?rest_route=\/wp\/v2\/pages\/25","targetHints":{"allow":["GET"]}}],"collection":[{"href":"http:\/\/www.vovinam.cat\/index.php?rest_route=\/wp\/v2\/pages"}],"about":[{"href":"http:\/\/www.vovinam.cat\/index.php?rest_route=\/wp\/v2\/types\/page"}],"author":[{"embeddable":true,"href":"http:\/\/www.vovinam.cat\/index.php?rest_route=\/wp\/v2\/users\/1"}],"replies":[{"embeddable":true,"href":"http:\/\/www.vovinam.cat\/index.php?rest_route=%2Fwp%2Fv2%2Fcomments&post=25"}],"version-history":[{"count":4,"href":"http:\/\/www.vovinam.cat\/index.php?rest_route=\/wp\/v2\/pages\/25\/revisions"}],"predecessor-version":[{"id":34,"href":"http:\/\/www.vovinam.cat\/index.php?rest_route=\/wp\/v2\/pages\/25\/revisions\/34"}],"wp:attachment":[{"href":"http:\/\/www.vovinam.cat\/index.php?rest_route=%2Fwp%2Fv2%2Fmedia&parent=25"}],"curies":[{"name":"wp","href":"https:\/\/api.w.org\/{rel}","templated":true}]}}